{"id":5366,"date":"2016-04-27T10:56:49","date_gmt":"2016-04-27T10:56:49","guid":{"rendered":"https:\/\/www.galerieloft.com\/\/categorie-produit\/non-classe\/produit\/catalogue-sculptures-monumentales-al-maaden-2\/"},"modified":"2023-01-18T11:16:57","modified_gmt":"2023-01-18T11:16:57","slug":"catalogue-sculptures-monumentales-al-maaden","status":"publish","type":"product","link":"https:\/\/preprod.galerieloft.com\/en\/produits\/catalogue-sculptures-monumentales-al-maaden\/","title":{"rendered":"CATALOGUE SCULPTURES MONUMENTALES AL MAADEN"},"content":{"rendered":"<p>GALERIE LOFT<\/p>\n<p>2016<\/p>\n<p><strong>CATALOGUE &#8211; SCULPTURES MONUMENTALES AL MAADEN<\/strong><\/p>\n<hr \/>\n<p style=\"text-align: justify;\">Un Parcours de Sculptures au pied de l\u2019Atlas est le titre du Beau Livre \u00e9dit\u00e9 par la Fondation Alliances sur le premier parc de sculptures monumentales d\u2019Afrique inaugur\u00e9 l\u2019an dernier \u00e0 Al Maaden.<br \/>\nCet ouvrage de pr\u00e8s de 200 pages met en valeur aussi bien la gen\u00e8se du projet, les \u0153uvres, les artistes qui les ont r\u00e9alis\u00e9es, que le cadre exceptionnel d\u2019Al Maaden, terrain d\u2019inspiration pour ces sculptures uniques.<br \/>\nTrilingue fran\u00e7ais, arabe et anglais, la production de ce livre a fait appel, aux c\u00f4t\u00e9s des \u00e9quipes de la Fondation Alliances, \u00e0 l\u2019expertise de critiques d\u2019art, de commissaires d\u2019exposition et des artistes eux-m\u00eames. Il d\u00e9voile \u00e9galement les coulisses du projet et notamment la phase d\u2019installation des sculptures qui a exig\u00e9 le concours des diff\u00e9rentes filiales du Groupe, notamment Alliances Construction et Alliances Cr\u00e9ation.<\/p>\n<hr \/>\n<p>Date d\u2019\u00e9dition : 2016<\/p>\n<p>Illustrations Couleurs<\/p>\n","protected":false},"excerpt":{"rendered":"<p>GALERIE LOFT 2016 CATALOGUE &#8211; SCULPTURES MONUMENTALES AL MAADEN Un Parcours de Sculptures au pied de l\u2019Atlas est le titre du Beau Livre \u00e9dit\u00e9 par la Fondation Alliances sur le premier parc de sculptures monumentales d\u2019Afrique inaugur\u00e9 l\u2019an dernier \u00e0 Al Maaden. Cet ouvrage de pr\u00e8s de 200 pages met en valeur aussi bien la &hellip; <a href=\"https:\/\/preprod.galerieloft.com\/en\/produits\/catalogue-sculptures-monumentales-al-maaden\/\">Continued<\/a><\/p>\n","protected":false},"featured_media":4539,"comment_status":"closed","ping_status":"closed","template":"","meta":[],"product_brand":[],"product_cat":[231],"product_tag":[932],"class_list":{"0":"post-5366","1":"product","2":"type-product","3":"status-publish","4":"has-post-thumbnail","6":"product_cat-books","7":"product_tag-edition-galerie-loft-en","9":"first","10":"instock","11":"taxable","12":"shipping-taxable","13":"product-type-simple"},"_links":{"self":[{"href":"https:\/\/preprod.galerieloft.com\/en\/wp-json\/wp\/v2\/product\/5366","targetHints":{"allow":["GET"]}}],"collection":[{"href":"https:\/\/preprod.galerieloft.com\/en\/wp-json\/wp\/v2\/product"}],"about":[{"href":"https:\/\/preprod.galerieloft.com\/en\/wp-json\/wp\/v2\/types\/product"}],"replies":[{"embeddable":true,"href":"https:\/\/preprod.galerieloft.com\/en\/wp-json\/wp\/v2\/comments?post=5366"}],"wp:featuredmedia":[{"embeddable":true,"href":"https:\/\/preprod.galerieloft.com\/en\/wp-json\/wp\/v2\/media\/4539"}],"wp:attachment":[{"href":"https:\/\/preprod.galerieloft.com\/en\/wp-json\/wp\/v2\/media?parent=5366"}],"wp:term":[{"taxonomy":"product_brand","embeddable":true,"href":"https:\/\/preprod.galerieloft.com\/en\/wp-json\/wp\/v2\/product_brand?post=5366"},{"taxonomy":"product_cat","embeddable":true,"href":"https:\/\/preprod.galerieloft.com\/en\/wp-json\/wp\/v2\/product_cat?post=5366"},{"taxonomy":"product_tag","embeddable":true,"href":"https:\/\/preprod.galerieloft.com\/en\/wp-json\/wp\/v2\/product_tag?post=5366"}],"curies":[{"name":"wp","href":"https:\/\/api.w.org\/{rel}","templated":true}]}}