{"id":5341,"date":"2016-05-18T14:35:08","date_gmt":"2016-05-18T14:35:08","guid":{"rendered":"https:\/\/www.galerieloft.com\/\/categorie-produit\/non-classe\/produit\/catalogue-et-moi-et-moi-et-moi-2\/"},"modified":"2023-01-17T16:33:00","modified_gmt":"2023-01-17T16:33:00","slug":"catalogue-et-moi-et-moi-et-moi","status":"publish","type":"product","link":"https:\/\/preprod.galerieloft.com\/en\/produits\/catalogue-et-moi-et-moi-et-moi\/","title":{"rendered":"CATALOGUE \u2013 ET MOI, ET MOI, ET MOI\u2026"},"content":{"rendered":"<p>GALERIE LOFT<\/p>\n<p>2004<\/p>\n<p><strong>CATALOGUE &#8211; ET MOI, ET MOI, ET MOI&#8230;<\/strong><\/p>\n<hr \/>\n<p>Cet ouvrage a \u00e9t\u00e9 \u00e9dit\u00e9 \u00e0 l\u2019occasion de l\u2019exposition qui s\u2019est d\u00e9roul\u00e9e du 11 juin\u00a0au 18 juillet 2004 \u00e0 l\u2019espace Paul Riquet de la ville de B\u00e9ziers. Il pr\u00e9sente une\u00a0vari\u00e9t\u00e9 d\u2019artistes chinois contemporains cr\u00e9atifs, qui t\u00e9moignent des\u00a0bouleversements de leur soci\u00e9t\u00e9 et questionnent les enjeux de notre si\u00e8cle, par\u00a0l\u2019exp\u00e9rimentation de champs artistiques nouveaux.<\/p>\n<hr \/>\n<p>Date d\u2019\u00e9dition\u00a0: 2004<\/p>\n<p>Illustrations Couleurs<\/p>\n<p>Langue\u00a0: fran\u00e7ais<\/p>\n<p>AU M\u00caME TITRE \u00e9ditions<\/p>\n<p>Pr\u00e9face de Jean-Fran\u00e7ois Mozziconacci<\/p>\n<p>Cr\u00e9dits photographiques\u00a0: Galerie Loft<\/p>\n","protected":false},"excerpt":{"rendered":"<p>GALERIE LOFT 2004 CATALOGUE &#8211; ET MOI, ET MOI, ET MOI&#8230; Cet ouvrage a \u00e9t\u00e9 \u00e9dit\u00e9 \u00e0 l\u2019occasion de l\u2019exposition qui s\u2019est d\u00e9roul\u00e9e du 11 juin\u00a0au 18 juillet 2004 \u00e0 l\u2019espace Paul Riquet de la ville de B\u00e9ziers. Il pr\u00e9sente une\u00a0vari\u00e9t\u00e9 d\u2019artistes chinois contemporains cr\u00e9atifs, qui t\u00e9moignent des\u00a0bouleversements de leur soci\u00e9t\u00e9 et questionnent les enjeux &hellip; <a href=\"https:\/\/preprod.galerieloft.com\/en\/produits\/catalogue-et-moi-et-moi-et-moi\/\">Continued<\/a><\/p>\n","protected":false},"featured_media":4764,"comment_status":"closed","ping_status":"closed","template":"","meta":[],"product_brand":[],"product_cat":[33],"product_tag":[932],"class_list":{"0":"post-5341","1":"product","2":"type-product","3":"status-publish","4":"has-post-thumbnail","6":"product_cat-exhibition-catalogs","7":"product_tag-edition-galerie-loft-en","8":"pa_annee-2004-en","10":"first","11":"instock","12":"taxable","13":"shipping-taxable","14":"product-type-simple"},"_links":{"self":[{"href":"https:\/\/preprod.galerieloft.com\/en\/wp-json\/wp\/v2\/product\/5341","targetHints":{"allow":["GET"]}}],"collection":[{"href":"https:\/\/preprod.galerieloft.com\/en\/wp-json\/wp\/v2\/product"}],"about":[{"href":"https:\/\/preprod.galerieloft.com\/en\/wp-json\/wp\/v2\/types\/product"}],"replies":[{"embeddable":true,"href":"https:\/\/preprod.galerieloft.com\/en\/wp-json\/wp\/v2\/comments?post=5341"}],"wp:featuredmedia":[{"embeddable":true,"href":"https:\/\/preprod.galerieloft.com\/en\/wp-json\/wp\/v2\/media\/4764"}],"wp:attachment":[{"href":"https:\/\/preprod.galerieloft.com\/en\/wp-json\/wp\/v2\/media?parent=5341"}],"wp:term":[{"taxonomy":"product_brand","embeddable":true,"href":"https:\/\/preprod.galerieloft.com\/en\/wp-json\/wp\/v2\/product_brand?post=5341"},{"taxonomy":"product_cat","embeddable":true,"href":"https:\/\/preprod.galerieloft.com\/en\/wp-json\/wp\/v2\/product_cat?post=5341"},{"taxonomy":"product_tag","embeddable":true,"href":"https:\/\/preprod.galerieloft.com\/en\/wp-json\/wp\/v2\/product_tag?post=5341"}],"curies":[{"name":"wp","href":"https:\/\/api.w.org\/{rel}","templated":true}]}}