{"id":5319,"date":"2016-06-21T15:36:53","date_gmt":"2016-06-21T15:36:53","guid":{"rendered":"https:\/\/www.galerieloft.com\/\/categorie-produit\/non-classe\/produit\/totem-le-penseur-wangkeping-2\/"},"modified":"2023-01-13T15:42:59","modified_gmt":"2023-01-13T15:42:59","slug":"totem-le-penseur-wangkeping","status":"publish","type":"product","link":"https:\/\/preprod.galerieloft.com\/en\/produits\/totem-le-penseur-wangkeping\/","title":{"rendered":"Totem &#8220;Le penseur&#8221; &#8211; 5m"},"content":{"rendered":"<p>WANG KEPING<\/p>\n<p>1999 &#8211; 2011<\/p>\n<p><strong>TOTEM &#8220;LE PENSEUR&#8221;<\/strong><\/p>\n<hr \/>\n<p style=\"text-align: justify;\">L&#8217;\u0153uvre de Wang Keping est intiment li\u00e9e aux propri\u00e9t\u00e9s de son mat\u00e9riau de pr\u00e9dilection : le bois. \u00c9rable, ch\u00eane ou fr\u00eane, dans chaque essence l&#8217;artiste exploite le champ des possibles, se laissant inspirer une forme et tirant du bois la substance de ses sculptures. Pour Al Maaden, Wang Keping a retranscrit en laiton martel\u00e9 et patin\u00e9 un mod\u00e8le de 166 cm r\u00e9alis\u00e9 \u00e0 l&#8217;origine en bois noirci, traduisant ainsi fid\u00e8lement les qualit\u00e9s visuelles et esth\u00e9tiques du bois, tout en lui apportant une dimension p\u00e9renne et monumentale.<\/p>\n<hr \/>\n<p><strong>EXPOSITION<\/strong><\/p>\n<p>1999 \u00a0Exposition\u00a0\u00ab Champs de la Sculpture\u00a0\u00bb\u00a0sur les Champs Elys\u00e9es, Paris, France<\/p>\n<p><em>2013 R\u00e9alisation de Totem (sculptures monumentales) pour le parc de sculptures Al Maaden, Maroc<\/em><\/p>\n<hr \/>\n<h3>ARTISTE<\/h3>\n<p><strong>Wang Keping<\/strong>\u00a0est l\u2019un des membres les plus \u00e9minents du groupe Xing Xing, les Stars. Ce groupe qui a commenc\u00e9 \u00e0 faire parler de lui en 1978 \u00e9tait engag\u00e9 politiquement et constitue l\u2019une des toutes premi\u00e8res expressions de l\u2019avant-garde en Chine.<\/p>\n<p>Son travail de sculptures de bois, noircies par le feu, tourne tout d\u2019abord autour de totems et d\u2019idoles qui rappellent les figures tut\u00e9laires folkloriques du nord de la Chine et de la Cor\u00e9e, empreintes de primitivisme. Puis il s\u2019oriente vers des formes simples aux lignes pures avec un choix restreint de th\u00e8mes\u00a0: femmes \u00e0 chignon, baiser\/couple, oiseau, figure masculine \u00e0 queue, paire de mamelles . La simplification et l\u2019\u00e9puration progressive tourne pour certaines sculptures \u00e0 l\u2019abstraction et dans les meilleurs cas rappellent le travail de Constantin Brancusi dans son esprit, un artiste qui l\u2019a beaucoup influenc\u00e9.<\/p>\n<p>Sollicit\u00e9 par le minist\u00e8re de la culture (comme plusieurs sculpteurs \u00e0 l\u2019\u00e9poque) Wang Keping a r\u00e9alis\u00e9 un grand portrait en bois de Fran\u00e7ois Miterrand.<\/p>\n<p>Il \u00e9tait l\u2019un des artistes invit\u00e9s de l\u2019exposition\u00a0\u00ab Champs de la Sculpture\u00a0\u00bb\u00a0sur les Champs Elys\u00e9es en 1999 avec un groupe de totems monumentaux.<\/p>\n<p>&nbsp;<\/p>\n","protected":false},"excerpt":{"rendered":"<p>WANG KEPING 1999 &#8211; 2011 TOTEM &#8220;LE PENSEUR&#8221; L&#8217;\u0153uvre de Wang Keping est intiment li\u00e9e aux propri\u00e9t\u00e9s de son mat\u00e9riau de pr\u00e9dilection : le bois. \u00c9rable, ch\u00eane ou fr\u00eane, dans chaque essence l&#8217;artiste exploite le champ des possibles, se laissant inspirer une forme et tirant du bois la substance de ses sculptures. Pour Al Maaden, &hellip; <a href=\"https:\/\/preprod.galerieloft.com\/en\/produits\/totem-le-penseur-wangkeping\/\">Continued<\/a><\/p>\n","protected":false},"featured_media":4988,"comment_status":"closed","ping_status":"closed","template":"","meta":[],"product_brand":[],"product_cat":[695],"product_tag":[449],"class_list":{"0":"post-5319","1":"product","2":"type-product","3":"status-publish","4":"has-post-thumbnail","6":"product_cat-monumental-sculpture","7":"product_tag-wang-keping-en","8":"pa_annee-1999-2011-en","9":"pa_materiaux-laiton-martele-patine-et-soude-sur-structure-rigide-avec-armatures-en","11":"first","12":"instock","13":"taxable","14":"shipping-taxable","15":"product-type-simple"},"_links":{"self":[{"href":"https:\/\/preprod.galerieloft.com\/en\/wp-json\/wp\/v2\/product\/5319","targetHints":{"allow":["GET"]}}],"collection":[{"href":"https:\/\/preprod.galerieloft.com\/en\/wp-json\/wp\/v2\/product"}],"about":[{"href":"https:\/\/preprod.galerieloft.com\/en\/wp-json\/wp\/v2\/types\/product"}],"replies":[{"embeddable":true,"href":"https:\/\/preprod.galerieloft.com\/en\/wp-json\/wp\/v2\/comments?post=5319"}],"wp:featuredmedia":[{"embeddable":true,"href":"https:\/\/preprod.galerieloft.com\/en\/wp-json\/wp\/v2\/media\/4988"}],"wp:attachment":[{"href":"https:\/\/preprod.galerieloft.com\/en\/wp-json\/wp\/v2\/media?parent=5319"}],"wp:term":[{"taxonomy":"product_brand","embeddable":true,"href":"https:\/\/preprod.galerieloft.com\/en\/wp-json\/wp\/v2\/product_brand?post=5319"},{"taxonomy":"product_cat","embeddable":true,"href":"https:\/\/preprod.galerieloft.com\/en\/wp-json\/wp\/v2\/product_cat?post=5319"},{"taxonomy":"product_tag","embeddable":true,"href":"https:\/\/preprod.galerieloft.com\/en\/wp-json\/wp\/v2\/product_tag?post=5319"}],"curies":[{"name":"wp","href":"https:\/\/api.w.org\/{rel}","templated":true}]}}