{"id":5317,"date":"2016-06-22T14:11:48","date_gmt":"2016-06-22T14:11:48","guid":{"rendered":"https:\/\/www.galerieloft.com\/\/categorie-produit\/non-classe\/produit\/golfista-2\/"},"modified":"2023-05-25T14:19:14","modified_gmt":"2023-05-25T14:19:14","slug":"golfista","status":"publish","type":"product","link":"https:\/\/preprod.galerieloft.com\/en\/produits\/golfista\/","title":{"rendered":"GOLFISTA"},"content":{"rendered":"<p>ANTOINE SEGU\u00cd<\/p>\n<p>2013<\/p>\n<p><strong>GOLFISTA<\/strong><\/p>\n<hr \/>\n<p style=\"text-align: justify;\">Par la peinture, la sculpture, l&#8217;estampe, Antonio Segu\u00ec explore la complexit\u00e9 de l&#8217;Homme soumis au mode de vie moderne. \u00c0 travers Golfista, Segu\u00ec reprend cette figue embl\u00e9matique de son travail, ici sous les traits caricaturaux d&#8217;un golfeur de 8 m\u00e8tres de haut, qui \u00e9volue sur le green d&#8217;un pas press\u00e9. Comme sur un instantan\u00e9, Segu\u00ec capte avec ironie un personnage au port de t\u00eate altier et au sourire fig\u00e9, pris dans une course effr\u00e9n\u00e9e. Golfista&#8217;s s&#8217;int\u00e8gre \u00e0 une s\u00e9rie d&#8217;oeuvres monumentales d\u00e9but\u00e9e en 1994 avec El Viajero, sculpture en acier peint install\u00e9e \u00e0 Bogot\u00e9 (Colombie) et r\u00e9partie de par le monde : El Hombre Urbano en 1999 \u00e0 Cordoba (Argentine); Tango en 2004 au Ch\u00e2teau de Gages (Belgique) et El \u00c0ngel en 2009 \u00e0 l&#8217;\u00c9cole d&#8217;Arts Plastiques de Ch\u00e2telleraut (France).<\/p>\n<hr \/>\n<p><strong>EXPOSITION<\/strong><\/p>\n<p><em>2013 R\u00e9alisation de Golfista (sculptures monumentales) pour le parc de sculptures Al Maaden, Maroc.<\/em><\/p>\n<hr \/>\n<h3>ARTISTE<\/h3>\n<p><strong>Antonio Segu\u00ed<\/strong> est un peintre et sculpteur n\u00e9 \u00e0 C\u00f3rdoba (Argentine) en 1934.<\/p>\n<p>En 1951 il se rend en France pour \u00e9tudier la peinture et la sculpture. Entre 1952 et 1954 il voyagera ainsi en Europe, notamment en Espagne o\u00f9 il \u00e9tudiera, et en Afrique d&#8217;o\u00f9 il rapporte de nombreux objets.\u00a0De retour en Argentine il pr\u00e9sente sa premi\u00e8re exposition individuelle en 1957 avant de partir en 1958 effectuer un long voyage dans toute l&#8217;Am\u00e9rique du Sud et l&#8217;Am\u00e9rique centrale. Il s\u2019installera notamment au Mexique, o\u00f9 il \u00e9tudie les techniques de la gravure.\u00a0Puis en 1961, il retourne travailler en Argentine, avant de rejoindre d\u00e9finitivement Paris en 1963.<\/p>\n<p>Depuis 1957 Antonio Segu\u00ed a \u00e9t\u00e9 pr\u00e9sent\u00e9 dans les plus prestigieuses galeries du monde entier. Ses \u0153uvres figurent \u00e9galement dans plus d\u2019une centaine de mus\u00e9es, notamment en Allemagne, au Br\u00e9sil, en Espagne, aux Etats-Unis, au Japon, en Suisse, et dans divers pays d\u2019Am\u00e9rique latine.\u00a0En France, ses \u0153uvres font partie d\u2019importantes collections mus\u00e9ales telles que le Centre Pompidou et le Mus\u00e9e d\u2019Art Moderne de la Ville de Paris, le MAC-VAL de Vitry-sur-Seine, les Mus\u00e9es des Beaux-Arts d\u2019Orl\u00e9ans, de Lyon, de Tourcoing, ou de D\u00f4le.<\/p>\n<p>Il vit aujourd&#8217;hui \u00e0 Arcueil dans l&#8217;ancienne propri\u00e9t\u00e9 d\u2019\u00c9mile Raspail.<\/p>\n","protected":false},"excerpt":{"rendered":"<p>ANTOINE SEGU\u00cd 2013 GOLFISTA Par la peinture, la sculpture, l&#8217;estampe, Antonio Segu\u00ec explore la complexit\u00e9 de l&#8217;Homme soumis au mode de vie moderne. \u00c0 travers Golfista, Segu\u00ec reprend cette figue embl\u00e9matique de son travail, ici sous les traits caricaturaux d&#8217;un golfeur de 8 m\u00e8tres de haut, qui \u00e9volue sur le green d&#8217;un pas press\u00e9. Comme &hellip; <a href=\"https:\/\/preprod.galerieloft.com\/en\/produits\/golfista\/\">Continued<\/a><\/p>\n","protected":false},"featured_media":5002,"comment_status":"closed","ping_status":"closed","template":"","meta":[],"product_brand":[],"product_cat":[695],"product_tag":[862],"class_list":{"0":"post-5317","1":"product","2":"type-product","3":"status-publish","4":"has-post-thumbnail","6":"product_cat-monumental-sculpture","7":"product_tag-segui-en","8":"pa_annee-2013-en","9":"pa_materiaux-acier-decoupe-peinture-epoxy-en","11":"first","12":"instock","13":"taxable","14":"shipping-taxable","15":"product-type-simple"},"_links":{"self":[{"href":"https:\/\/preprod.galerieloft.com\/en\/wp-json\/wp\/v2\/product\/5317","targetHints":{"allow":["GET"]}}],"collection":[{"href":"https:\/\/preprod.galerieloft.com\/en\/wp-json\/wp\/v2\/product"}],"about":[{"href":"https:\/\/preprod.galerieloft.com\/en\/wp-json\/wp\/v2\/types\/product"}],"replies":[{"embeddable":true,"href":"https:\/\/preprod.galerieloft.com\/en\/wp-json\/wp\/v2\/comments?post=5317"}],"wp:featuredmedia":[{"embeddable":true,"href":"https:\/\/preprod.galerieloft.com\/en\/wp-json\/wp\/v2\/media\/5002"}],"wp:attachment":[{"href":"https:\/\/preprod.galerieloft.com\/en\/wp-json\/wp\/v2\/media?parent=5317"}],"wp:term":[{"taxonomy":"product_brand","embeddable":true,"href":"https:\/\/preprod.galerieloft.com\/en\/wp-json\/wp\/v2\/product_brand?post=5317"},{"taxonomy":"product_cat","embeddable":true,"href":"https:\/\/preprod.galerieloft.com\/en\/wp-json\/wp\/v2\/product_cat?post=5317"},{"taxonomy":"product_tag","embeddable":true,"href":"https:\/\/preprod.galerieloft.com\/en\/wp-json\/wp\/v2\/product_tag?post=5317"}],"curies":[{"name":"wp","href":"https:\/\/api.w.org\/{rel}","templated":true}]}}