{"id":5187,"date":"2015-03-17T12:06:50","date_gmt":"2015-03-17T12:06:50","guid":{"rendered":"https:\/\/www.galerieloft.com\/\/categorie-produit\/non-classe\/produit\/cesar-serie-1998-2\/"},"modified":"2024-10-02T14:06:07","modified_gmt":"2024-10-02T14:06:07","slug":"cesar-serie-1998","status":"publish","type":"product","link":"https:\/\/preprod.galerieloft.com\/en\/produits\/cesar-serie-1998\/","title":{"rendered":"C\u00c9SAR S\u00c9RIE, 1998"},"content":{"rendered":"<p>S\u00e9rie &#8220;Empreintes&#8221;.<\/p>\n<p>Par <a class=\"bleu bold\" href=\"http:\/\/www.artsper.com\/fr\/artistes-contemporains\/france\/12\/cesar-baldaccini\">C\u00e9sar Baldaccini<\/a><\/p>\n<p>Empreintes des 5 doigts de la main et de la paume.<br \/>\nDiam\u00e8tre de l&#8217;assiette: 26,5 cm<br \/>\nImpression platine et or<\/p>\n<p>&#8220;Quand les artistes s&#8217;invitent \u00e0 table&#8221; est un concept original n\u00e9 en 1998 \u00e0 partir de l&#8217;id\u00e9e de remettre en question le support artistique et la relation que nous entretenons \u00e0 l&#8217;Art Contemporain.<\/p>\n<p>Au travers de ces s\u00e9ries d&#8217;assiettes \u00e9dit\u00e9es par la Galerie Loft, Arman, Ben et C\u00e9sar, ces trois grands artistes de la sc\u00e8ne internationale viennent ainsi se mettre en service de la gastronomie et partager notre quotidien.<\/p>\n","protected":false},"excerpt":{"rendered":"<p>S\u00e9rie &#8220;Empreintes&#8221;. Par C\u00e9sar Baldaccini Empreintes des 5 doigts de la main et de la paume. Diam\u00e8tre de l&#8217;assiette: 26,5 cm Impression platine et or &#8220;Quand les artistes s&#8217;invitent \u00e0 table&#8221; est un concept original n\u00e9 en 1998 \u00e0 partir de l&#8217;id\u00e9e de remettre en question le support artistique et la relation que nous entretenons &hellip; <a href=\"https:\/\/preprod.galerieloft.com\/en\/produits\/cesar-serie-1998\/\">Continued<\/a><\/p>\n","protected":false},"featured_media":1134,"comment_status":"closed","ping_status":"closed","template":"","meta":[],"product_brand":[],"product_cat":[101],"product_tag":[765],"class_list":{"0":"post-5187","1":"product","2":"type-product","3":"status-publish","4":"has-post-thumbnail","6":"product_cat-items","7":"product_tag-cesar-en","8":"product_shipping_class-sculpturesmall-light-item","10":"first","11":"instock","12":"taxable","13":"shipping-taxable","14":"purchasable","15":"product-type-simple"},"_links":{"self":[{"href":"https:\/\/preprod.galerieloft.com\/en\/wp-json\/wp\/v2\/product\/5187","targetHints":{"allow":["GET"]}}],"collection":[{"href":"https:\/\/preprod.galerieloft.com\/en\/wp-json\/wp\/v2\/product"}],"about":[{"href":"https:\/\/preprod.galerieloft.com\/en\/wp-json\/wp\/v2\/types\/product"}],"replies":[{"embeddable":true,"href":"https:\/\/preprod.galerieloft.com\/en\/wp-json\/wp\/v2\/comments?post=5187"}],"wp:featuredmedia":[{"embeddable":true,"href":"https:\/\/preprod.galerieloft.com\/en\/wp-json\/wp\/v2\/media\/1134"}],"wp:attachment":[{"href":"https:\/\/preprod.galerieloft.com\/en\/wp-json\/wp\/v2\/media?parent=5187"}],"wp:term":[{"taxonomy":"product_brand","embeddable":true,"href":"https:\/\/preprod.galerieloft.com\/en\/wp-json\/wp\/v2\/product_brand?post=5187"},{"taxonomy":"product_cat","embeddable":true,"href":"https:\/\/preprod.galerieloft.com\/en\/wp-json\/wp\/v2\/product_cat?post=5187"},{"taxonomy":"product_tag","embeddable":true,"href":"https:\/\/preprod.galerieloft.com\/en\/wp-json\/wp\/v2\/product_tag?post=5187"}],"curies":[{"name":"wp","href":"https:\/\/api.w.org\/{rel}","templated":true}]}}