{"id":3722,"date":"2015-06-02T14:26:54","date_gmt":"2015-06-02T14:26:54","guid":{"rendered":"https:\/\/www.galerieloft.com\/\/categorie-produit\/non-classe\/produit\/catalogue-dexposition-chen-wenbo-2\/"},"modified":"2023-01-27T11:30:28","modified_gmt":"2023-01-27T11:30:28","slug":"catalogue-dexposition-chen-wenbo","status":"publish","type":"product","link":"https:\/\/preprod.galerieloft.com\/en\/produits\/catalogue-dexposition-chen-wenbo\/","title":{"rendered":"CATALOGUE D&#8217;EXPOSITION CHEN WENBO"},"content":{"rendered":"<p>GALERIE LOFT<\/p>\n<p>2000<\/p>\n<p><strong>CATALOGUE D&#8217;EXPOSITION CHEN WENBO<\/strong><\/p>\n<p>Cet ouvrage a \u00e9t\u00e9 \u00e9dit\u00e9 par la Galerie LOFT \u00e0 l&#8217;occasion de l&#8217;Automne Asiatique \u00e0 Paris du 27 Septembre au 5 Novembre 2000.<\/p>\n<p>Les r\u00e9f\u00e9rence des tableaux du catalogue correspondent aux num\u00e9ros d&#8217;archives de la Galerie Loft.<\/p>\n<hr \/>\n<h3>ARTISTE<\/h3>\n<p class=\"p1\">Chen Wenbo est n\u00e9 en 1969 \u00e0 Chongqing, dans la province chinoise du Sichuan. Il est dipl\u00f4m\u00e9 de l\u2019Acad\u00e9mie des Beaux-Arts du Sichuan.<\/p>\n<p>Dans la continuit\u00e9 de Yue Minjun et des artistes de P\u00e9kin associ\u00e9s au \u00ab\u00a0r\u00e9alisme cynique\u00a0\u00bb, \u00e9voquant l\u2019irruption de la consommation \u00e0 outrance et la d\u00e9shumanisation moderne, Chen Wenbo d\u00e9tourne le m\u00e9dium classique de la peinture \u00e0 l\u2019huile pour produire des portraits saisissants et d\u00e9rangeants.\u00a0Ces visages ultra r\u00e9alistes, \u00e0 la peau lisse et nue, rose bonbon, sont parcourus de motifs g\u00e9om\u00e9triques semblant les emprisonner.<\/p>\n<p>Mais l\u2019intention de l\u2019artiste est aux antipodes du rire cynique ou de la r\u00e9signation tragique. Les sujets sont intens\u00e9ment subjectifs, leurs regards clairs, d\u00e9termin\u00e9s et ouverts d\u00e9chirent le maillage parasitique des motifs g\u00e9om\u00e9triques. Les mains sont au premier plan, questionnant le visage, s\u2019en saisissant, pointant les oreilles, les yeux et la langue dans des postures \u00e9nigmatiques, silencieuses et complices, en forme de d\u00e9fi. Une tierce main intervient fr\u00e9quemment, nouant un contact avec le sujet.<\/p>\n<p>&nbsp;<\/p>\n","protected":false},"excerpt":{"rendered":"<p>GALERIE LOFT 2000 CATALOGUE D&#8217;EXPOSITION CHEN WENBO Cet ouvrage a \u00e9t\u00e9 \u00e9dit\u00e9 par la Galerie LOFT \u00e0 l&#8217;occasion de l&#8217;Automne Asiatique \u00e0 Paris du 27 Septembre au 5 Novembre 2000. Les r\u00e9f\u00e9rence des tableaux du catalogue correspondent aux num\u00e9ros d&#8217;archives de la Galerie Loft. ARTISTE Chen Wenbo est n\u00e9 en 1969 \u00e0 Chongqing, dans la &hellip; <a href=\"https:\/\/preprod.galerieloft.com\/en\/produits\/catalogue-dexposition-chen-wenbo\/\">Continued<\/a><\/p>\n","protected":false},"featured_media":3015,"comment_status":"closed","ping_status":"closed","template":"","meta":[],"product_brand":[],"product_cat":[1767,33],"product_tag":[932],"class_list":{"0":"post-3722","1":"product","2":"type-product","3":"status-publish","4":"has-post-thumbnail","6":"product_cat-publication-en","7":"product_cat-exhibition-catalogs","8":"product_tag-edition-galerie-loft-en","9":"product_shipping_class-other-exhibition-catalogue","11":"first","12":"instock","13":"taxable","14":"shipping-taxable","15":"purchasable","16":"product-type-simple"},"_links":{"self":[{"href":"https:\/\/preprod.galerieloft.com\/en\/wp-json\/wp\/v2\/product\/3722","targetHints":{"allow":["GET"]}}],"collection":[{"href":"https:\/\/preprod.galerieloft.com\/en\/wp-json\/wp\/v2\/product"}],"about":[{"href":"https:\/\/preprod.galerieloft.com\/en\/wp-json\/wp\/v2\/types\/product"}],"replies":[{"embeddable":true,"href":"https:\/\/preprod.galerieloft.com\/en\/wp-json\/wp\/v2\/comments?post=3722"}],"wp:featuredmedia":[{"embeddable":true,"href":"https:\/\/preprod.galerieloft.com\/en\/wp-json\/wp\/v2\/media\/3015"}],"wp:attachment":[{"href":"https:\/\/preprod.galerieloft.com\/en\/wp-json\/wp\/v2\/media?parent=3722"}],"wp:term":[{"taxonomy":"product_brand","embeddable":true,"href":"https:\/\/preprod.galerieloft.com\/en\/wp-json\/wp\/v2\/product_brand?post=3722"},{"taxonomy":"product_cat","embeddable":true,"href":"https:\/\/preprod.galerieloft.com\/en\/wp-json\/wp\/v2\/product_cat?post=3722"},{"taxonomy":"product_tag","embeddable":true,"href":"https:\/\/preprod.galerieloft.com\/en\/wp-json\/wp\/v2\/product_tag?post=3722"}],"curies":[{"name":"wp","href":"https:\/\/api.w.org\/{rel}","templated":true}]}}