{"id":16814,"date":"2025-12-05T13:46:27","date_gmt":"2025-12-05T13:46:27","guid":{"rendered":"https:\/\/www.galerieloft.com\/\/uncategorized\/aux-oubliees\/"},"modified":"2025-12-11T14:52:07","modified_gmt":"2025-12-11T14:52:07","slug":"aux-oubliees","status":"publish","type":"product","link":"https:\/\/preprod.galerieloft.com\/en\/produits\/aux-oubliees\/","title":{"rendered":"Aux oubli\u00e9es"},"content":{"rendered":"<p class=\"p1\"><i>\u00ab Les fonds color\u00e9s, encadr\u00e9s de fer brut, recouvrent les plaques de <\/i><i>pl\u00e2tre. Ils savent la beaut\u00e9 des terres cuites et de la calcination, des <\/i><i>palettes d\u2019ocre rouge ou jaune des fa\u00e7ades m\u00e9diterran\u00e9ennes vieillies, <\/i><i>des robes noires du Sud, ou des gammes sombres des bleus et verts des <\/i><i>profondeurs marines. Ils connaissent les accords fins de la couleur et <\/i><i>de l\u2019ombre et certaines modulations du cuir durci, de la granulation et <\/i><i>des plages lisses du mat et du cir\u00e9. Leurs nuances font vibrer la flamme <\/i><i>du temps cependant bronz\u00e9e d\u2019entropie ; leurs pigments de terre et de <\/i><i>lumi\u00e8re se h\u00e2lent d\u2019une fum\u00e9e de cierge patient. Et leur tonalit\u00e9 <\/i><i>chroma<\/i><i>tique donne le \u00abla\u00bb \u00e0 la musique des r\u00e9cits-r\u00e9bus qui s\u2019y inscrivent&#8230; \u00bb<\/i><\/p>\n<p class=\"p1\"><i>Bruno Duborgel, \u00ab Christos Kalfas \u00bb<\/i><\/p>\n","protected":false},"excerpt":{"rendered":"<p>\u00ab Les fonds color\u00e9s, encadr\u00e9s de fer brut, recouvrent les plaques de pl\u00e2tre. Ils savent la beaut\u00e9 des terres cuites et de la calcination, des palettes d\u2019ocre rouge ou jaune des fa\u00e7ades m\u00e9diterran\u00e9ennes vieillies, des robes noires du Sud, ou des gammes sombres des bleus et verts des profondeurs marines. Ils connaissent les accords fins &hellip; <a href=\"https:\/\/preprod.galerieloft.com\/en\/produits\/aux-oubliees\/\">Continued<\/a><\/p>\n","protected":false},"featured_media":16811,"comment_status":"closed","ping_status":"closed","template":"","meta":[],"product_brand":[],"product_cat":[232],"product_tag":[],"class_list":{"0":"post-16814","1":"product","2":"type-product","3":"status-publish","4":"has-post-thumbnail","6":"product_cat-painting","7":"product_shipping_class-c-sculpture-design-objet-grand-format-fr-fr-fr-en","8":"pa_annee-2025-en","9":"pa_medium-oil","10":"pa_support-toile-en","12":"first","13":"instock","14":"taxable","15":"shipping-taxable","16":"product-type-simple"},"_links":{"self":[{"href":"https:\/\/preprod.galerieloft.com\/en\/wp-json\/wp\/v2\/product\/16814","targetHints":{"allow":["GET"]}}],"collection":[{"href":"https:\/\/preprod.galerieloft.com\/en\/wp-json\/wp\/v2\/product"}],"about":[{"href":"https:\/\/preprod.galerieloft.com\/en\/wp-json\/wp\/v2\/types\/product"}],"replies":[{"embeddable":true,"href":"https:\/\/preprod.galerieloft.com\/en\/wp-json\/wp\/v2\/comments?post=16814"}],"wp:featuredmedia":[{"embeddable":true,"href":"https:\/\/preprod.galerieloft.com\/en\/wp-json\/wp\/v2\/media\/16811"}],"wp:attachment":[{"href":"https:\/\/preprod.galerieloft.com\/en\/wp-json\/wp\/v2\/media?parent=16814"}],"wp:term":[{"taxonomy":"product_brand","embeddable":true,"href":"https:\/\/preprod.galerieloft.com\/en\/wp-json\/wp\/v2\/product_brand?post=16814"},{"taxonomy":"product_cat","embeddable":true,"href":"https:\/\/preprod.galerieloft.com\/en\/wp-json\/wp\/v2\/product_cat?post=16814"},{"taxonomy":"product_tag","embeddable":true,"href":"https:\/\/preprod.galerieloft.com\/en\/wp-json\/wp\/v2\/product_tag?post=16814"}],"curies":[{"name":"wp","href":"https:\/\/api.w.org\/{rel}","templated":true}]}}