{"id":15952,"date":"2024-12-14T15:01:23","date_gmt":"2024-12-14T15:01:23","guid":{"rendered":"https:\/\/www.galerieloft.com\/\/uncategorized\/fall-iii\/"},"modified":"2024-12-14T15:01:23","modified_gmt":"2024-12-14T15:01:23","slug":"fall-iii","status":"publish","type":"product","link":"https:\/\/preprod.galerieloft.com\/en\/produits\/fall-iii\/","title":{"rendered":"Fall III"},"content":{"rendered":"<p>Sol\u00e8ne Kerlo, quant \u00e0 elle, invoque les r\u00e9cits anciens et les symboles des civilisations disparues \u00e0 travers une peinture brute o\u00f9 le pigment brut se confronte avec force \u00e0 l\u2019huile. Se d\u00e9gage alors une litanie venue d\u2019ailleurs, une psalmodie qui r\u00e9veille les sens et un langage universel sur la Vie et la Mort. Les traces s\u2019\u00e9l\u00e8vent en signe primitif rituel qui rappellent les origines de l\u2019Art.<\/p>\n","protected":false},"excerpt":{"rendered":"<p>Sol\u00e8ne Kerlo, quant \u00e0 elle, invoque les r\u00e9cits anciens et les symboles des civilisations disparues \u00e0 travers une peinture brute o\u00f9 le pigment brut se confronte avec force \u00e0 l\u2019huile. Se d\u00e9gage alors une litanie venue d\u2019ailleurs, une psalmodie qui r\u00e9veille les sens et un langage universel sur la Vie et la Mort. Les traces &hellip; <a href=\"https:\/\/preprod.galerieloft.com\/en\/produits\/fall-iii\/\">Continued<\/a><\/p>\n","protected":false},"featured_media":15949,"comment_status":"closed","ping_status":"closed","template":"","meta":[],"product_brand":[],"product_cat":[232],"product_tag":[],"class_list":{"0":"post-15952","1":"product","2":"type-product","3":"status-publish","4":"has-post-thumbnail","6":"product_cat-painting","7":"product_shipping_class-photoframed-painting-small-size","8":"pa_annee-2024-en","9":"pa_medium-natural-pigments","10":"pa_medium-oil","11":"pa_support-toile-en","13":"first","14":"instock","15":"taxable","16":"shipping-taxable","17":"product-type-simple"},"_links":{"self":[{"href":"https:\/\/preprod.galerieloft.com\/en\/wp-json\/wp\/v2\/product\/15952","targetHints":{"allow":["GET"]}}],"collection":[{"href":"https:\/\/preprod.galerieloft.com\/en\/wp-json\/wp\/v2\/product"}],"about":[{"href":"https:\/\/preprod.galerieloft.com\/en\/wp-json\/wp\/v2\/types\/product"}],"replies":[{"embeddable":true,"href":"https:\/\/preprod.galerieloft.com\/en\/wp-json\/wp\/v2\/comments?post=15952"}],"wp:featuredmedia":[{"embeddable":true,"href":"https:\/\/preprod.galerieloft.com\/en\/wp-json\/wp\/v2\/media\/15949"}],"wp:attachment":[{"href":"https:\/\/preprod.galerieloft.com\/en\/wp-json\/wp\/v2\/media?parent=15952"}],"wp:term":[{"taxonomy":"product_brand","embeddable":true,"href":"https:\/\/preprod.galerieloft.com\/en\/wp-json\/wp\/v2\/product_brand?post=15952"},{"taxonomy":"product_cat","embeddable":true,"href":"https:\/\/preprod.galerieloft.com\/en\/wp-json\/wp\/v2\/product_cat?post=15952"},{"taxonomy":"product_tag","embeddable":true,"href":"https:\/\/preprod.galerieloft.com\/en\/wp-json\/wp\/v2\/product_tag?post=15952"}],"curies":[{"name":"wp","href":"https:\/\/api.w.org\/{rel}","templated":true}]}}