{"id":3729,"date":"2015-06-09T14:26:18","date_gmt":"2015-06-09T14:26:18","guid":{"rendered":"https:\/\/www.galerieloft.com\/artist\/mahi-binebine-2\/"},"modified":"2026-03-11T14:24:20","modified_gmt":"2026-03-11T14:24:20","slug":"mahi-binebine","status":"publish","type":"artist","link":"https:\/\/preprod.galerieloft.com\/en\/artists\/mahi-binebine\/","title":{"rendered":"Mahi Binebine"},"content":{"rendered":"<p style=\"text-align: justify; margin: .1pt 0cm .1pt 0cm;\">N\u00e9 en 1959 \u00e0 Marrakech, il s\u2019y est install\u00e9 d\u00e9finitivement en 2002 apr\u00e8s avoir longtemps v\u00e9cu et travaill\u00e9 \u00e0 Paris, New York et Madrid. Le parcours de cet artiste est atypique\u00a0: professeur de math\u00e9matiques \u00e0 Paris, il quitte l\u2019enseignement \u00e0 la fin des ann\u00e9es 80 pour se consacrer \u00e0 l\u2019\u00e9criture et \u00e0 la peinture et, depuis peu, \u00e0 la sculpture.<\/p>\n<p><!--more--><\/p>\n<p style=\"text-align: justify; margin: .1pt 0cm .1pt 0cm;\">Son \u0153uvre picturale, centr\u00e9e \u00a0sur la figure humaine,\u00a0 \u00e9voque les violences et\u00a0 les\u00a0tensions du monde oriental et du monde\u00a0occidental ainsi que la situation tragique de l&#8217;homme.<\/p>\n<p style=\"text-align: justify; margin: .1pt 0cm .1pt 0cm;\">Expos\u00e9e notamment en France, aux Etats-Unis ou en Allemagne, son \u0153uvre est remarqu\u00e9e par d\u2019importants critiques d\u2019art et int\u00e8gre de grandes collections publiques et priv\u00e9es dont celles du Mus\u00e9e Guggenheim de New York, le Mus\u00e9e de Bank Al Maghrib, la Fondation Kinda, le Mus\u00e9e de Marrakech, la Fondation Kamal Lazaar, la Soci\u00e9t\u00e9 G\u00e9n\u00e9rale, Attijariwafa Bank, le Cr\u00e9dit Agricole du Maroc, le CIH Maroc, la BMCE Bank et la Caisse des d\u00e9p\u00f4ts et gestion.<\/p>\n<p style=\"text-align: justify;\">\n","protected":false},"excerpt":{"rendered":"<p>N\u00e9 en 1959 \u00e0 Marrakech, il s\u2019y est install\u00e9 d\u00e9finitivement en 2002 apr\u00e8s avoir longtemps v\u00e9cu et travaill\u00e9 \u00e0 Paris, New York et Madrid. Le parcours de cet artiste est atypique\u00a0: professeur de math\u00e9matiques \u00e0 Paris, il quitte l\u2019enseignement \u00e0 la fin des ann\u00e9es 80 pour se consacrer \u00e0 l\u2019\u00e9criture et \u00e0 la peinture et, &hellip; <a href=\"https:\/\/preprod.galerieloft.com\/en\/artists\/mahi-binebine\/\">Continued<\/a><\/p>\n","protected":false},"featured_media":3559,"template":"","artist_cat":[21],"class_list":["post-3729","artist","type-artist","status-publish","has-post-thumbnail","hentry","artist_cat-sculptor"],"_links":{"self":[{"href":"https:\/\/preprod.galerieloft.com\/en\/wp-json\/wp\/v2\/artist\/3729","targetHints":{"allow":["GET"]}}],"collection":[{"href":"https:\/\/preprod.galerieloft.com\/en\/wp-json\/wp\/v2\/artist"}],"about":[{"href":"https:\/\/preprod.galerieloft.com\/en\/wp-json\/wp\/v2\/types\/artist"}],"wp:featuredmedia":[{"embeddable":true,"href":"https:\/\/preprod.galerieloft.com\/en\/wp-json\/wp\/v2\/media\/3559"}],"wp:attachment":[{"href":"https:\/\/preprod.galerieloft.com\/en\/wp-json\/wp\/v2\/media?parent=3729"}],"wp:term":[{"taxonomy":"artist_cat","embeddable":true,"href":"https:\/\/preprod.galerieloft.com\/en\/wp-json\/wp\/v2\/artist_cat?post=3729"}],"curies":[{"name":"wp","href":"https:\/\/api.w.org\/{rel}","templated":true}]}}